{"id":9200,"date":"2026-04-27T17:41:06","date_gmt":"2026-04-27T17:41:06","guid":{"rendered":"https:\/\/apps.taubate.sp.gov.br\/processoseletivo\/?page_id=9200"},"modified":"2026-04-27T17:51:07","modified_gmt":"2026-04-27T17:51:07","slug":"cp-vigentes","status":"publish","type":"page","link":"https:\/\/apps.taubate.sp.gov.br\/processoseletivo\/cp-vigentes\/","title":{"rendered":"CP vigentes"},"content":{"rendered":"\n<h2 class=\"wp-block-heading has-medium-font-size\">CONCURSO P\u00daBLICO \u2013 ESTATUT\u00c1RIOS<\/h2>\n\n\n\n<figure class=\"wp-block-table is-style-stripes\"><table class=\"has-fixed-layout\"><tbody><tr><td colspan=\"2\"><strong>CP 001\/2021 \u2013 PRORROGADO<\/strong><\/td><\/tr><tr><td colspan=\"2\"><strong>HOMOLOGADO 29\/04\/2022 \u2013 VALIDADE 29\/04\/2026<\/strong><\/td><\/tr><tr><td><strong>CARGOS<\/strong><\/td><td><strong>CONVOCADOS AT\u00c9<\/strong><\/td><\/tr><tr><td>PROFESSOR DE EDUCA\u00c7\u00c3O INFANTIL<\/td><td>525\u00ba + 06\u00ba PCD<\/td><\/tr><tr><td>PROFESSOR I<\/td><td>632\u00ba+ 06\u00ba PCD<\/td><\/tr><tr><td>PROFESSOR III \u2013 CI\u00caNCIAS<\/td><td>81\u00ba<\/td><\/tr><tr><td>PROFESSOR III \u2013 EDUCA\u00c7\u00c3O ESPECIAL \u2013 DEFICI\u00caNCIA AUDITIVA<\/td><td>03\u00ba<\/td><\/tr><tr><td>PROFESSOR III \u2013 EDUCA\u00c7\u00c3O F\u00cdSICA<\/td><td>186\u00ba+ 02\u00ba PCD<\/td><\/tr><tr><td>PROFESSOR III \u2013 ENSINO RELIGIOSO<\/td><td>19\u00ba+ 01\u00ba PCD<\/td><\/tr><tr><td>PROFESSOR III \u2013 HISTORIA<\/td><td>48\u00ba+ 01\u00ba PCD<\/td><\/tr><tr><td>PROFESSOR III \u2013 L\u00cdNGUA PORTUGUESA<\/td><td>124\u00ba + 01\u00ba PCD<\/td><\/tr><tr><td>PROFESSOR III \u2013 MATEM\u00c1TICA<\/td><td>89\u00ba + 02\u00ba PCD<\/td><\/tr><\/tbody><\/table><\/figure>\n\n\n\n<p><\/p>\n\n\n\n<figure class=\"wp-block-table is-style-stripes\"><table class=\"has-fixed-layout\"><tbody><tr><td colspan=\"2\"><strong>CP 001\/2021 \u2013 PRORROGADO<\/strong><\/td><\/tr><tr><td colspan=\"2\"><strong>HOMOLOGADO 18\/05\/2022 \u2013 VALIDADE 18\/05\/2026<\/strong><\/td><\/tr><tr><td><strong>CARGO<\/strong><\/td><td><strong>CONVOCADOS AT\u00c9<\/strong><\/td><\/tr><tr><td>PROFESSOR III \u2013 GEOGRAFIA<\/td><td>59\u00ba<\/td><\/tr><\/tbody><\/table><\/figure>\n\n\n\n<p><\/p>\n\n\n\n<figure class=\"wp-block-table is-style-stripes\"><table class=\"has-fixed-layout\"><tbody><tr><td colspan=\"2\"><strong>CP 001\/2023<\/strong>&nbsp;\u2013&nbsp;<strong>PRORROGADO<\/strong><\/td><\/tr><tr><td colspan=\"2\"><strong>HOMOLOGADO 06\/07\/2023 \u2013 VALIDADE 06\/07\/2027<\/strong><\/td><\/tr><tr><td><strong>CARGOS<\/strong><\/td><td><strong>CONVOCADOS AT\u00c9<\/strong><\/td><\/tr><tr><td>AGENTE COMUNIT\u00c1RIO DE SA\u00daDE \u2013 CONTINENTAL<\/td><td>01\u00ba<\/td><\/tr><tr><td>AGENTE COMUNIT\u00c1RIO DE SA\u00daDE \u2013 NOVO HORIZONTE<\/td><td>05\u00ba<\/td><\/tr><tr><td>AGENTE COMUNIT\u00c1RIO DE SAUDE \u2013 PLANALTO<\/td><td>02\u00ba<\/td><\/tr><tr><td>AGENTE COMUNIT\u00c1RIO DE SA\u00daDE \u2013 VILA MARLI<\/td><td>02\u00ba<\/td><\/tr><\/tbody><\/table><\/figure>\n\n\n\n<p><\/p>\n\n\n\n<figure class=\"wp-block-table is-style-stripes\"><table class=\"has-fixed-layout\"><tbody><tr><td colspan=\"2\"><strong>CP 002\/2023<\/strong>&nbsp;\u2013&nbsp;<strong>PRORROGADO<\/strong><\/td><\/tr><tr><td colspan=\"2\"><strong>HOMOLOGADO 18\/07\/2023 \u2013 VALIDADE 18\/07\/2027<\/strong><\/td><\/tr><tr><td><strong>CARGOS<\/strong><\/td><td><strong>CONVOCADOS AT\u00c9<\/strong><\/td><\/tr><tr><td>ANALISTA T\u00c9CNICO JUDICI\u00c1RIO<\/td><td>09\u00ba<\/td><\/tr><tr><td>ANALISTA T\u00c9CNICO LEGISLATIVO<\/td><td>00\u00ba<\/td><\/tr><tr><td>ENGENHEIRO CIVIL<\/td><td>24\u00ba<\/td><\/tr><tr><td>TURISM\u00d3LOGO<\/td><td>00\u00ba<\/td><\/tr><\/tbody><\/table><\/figure>\n\n\n\n<p><\/p>\n\n\n\n<figure class=\"wp-block-table is-style-stripes\"><table class=\"has-fixed-layout\"><tbody><tr><td colspan=\"2\"><strong>CP 003\/2023<\/strong><\/td><\/tr><tr><td colspan=\"2\"><strong>HOMOLOGADO 05\/01\/2024 \u2013 VALIDADE 05\/01\/2028<\/strong><\/td><\/tr><tr><td><strong>CARGOS<\/strong><\/td><td><strong>CONVOCADOS AT\u00c9<\/strong><\/td><\/tr><tr><td>AGENTE DE TR\u00c2NSITO<\/td><td>20\u00ba<\/td><\/tr><tr><td>AGENTE OPERACIONAL DE DEFESA CIVIL<\/td><td>45\u00ba + 01\u00ba PCD<\/td><\/tr><tr><td>AUXILIAR DE COZINHA<\/td><td>04\u00ba + 01 PCD<\/td><\/tr><tr><td>BORRACHEIRO<\/td><td>01\u00ba<\/td><\/tr><tr><td>ELETRICISTA<\/td><td>05\u00ba + 01\u00ba PCD<\/td><\/tr><tr><td>ELETRICISTA DE AUTOS<\/td><td>01\u00ba<\/td><\/tr><tr><td>FISCAL DE RENDAS IMOBILI\u00c1RIAS<\/td><td>08\u00ba + 01\u00ba PCD<\/td><\/tr><tr><td>MARCENEIRO<\/td><td>00\u00ba<\/td><\/tr><tr><td>MEC\u00c2NICO DE MAQUINAS<\/td><td>01\u00ba<\/td><\/tr><tr><td>MEC\u00c2NICO DE VIATURA LEVE<\/td><td>03\u00ba<\/td><\/tr><tr><td>MESTRE DE OBRAS<\/td><td>01\u00ba<\/td><\/tr><tr><td>MOTORISTA<\/td><td>48\u00ba<\/td><\/tr><tr><td>OPERADOR DE MAQUINAS \u2013 MOTOSSERRA<\/td><td>05\u00ba<\/td><\/tr><tr><td>PADEIRO<\/td><td>04\u00ba<\/td><\/tr><tr><td>PEDREIRO<\/td><td>04\u00ba<\/td><\/tr><tr><td>PEDREIRO DE ACABAMENTO<\/td><td>01\u00ba<\/td><\/tr><tr><td>SOLDADOR<\/td><td>04\u00ba<\/td><\/tr><tr><td>VIDRACEIRO<\/td><td>00\u00ba<\/td><\/tr><\/tbody><\/table><\/figure>\n\n\n\n<figure class=\"wp-block-table is-style-stripes\"><table class=\"has-fixed-layout\"><tbody><tr><td colspan=\"2\"><strong>CP 004\/2023<\/strong>&nbsp;<strong>\u2013 PRORROGADO<\/strong><\/td><\/tr><tr><td colspan=\"2\"><strong>HOMOLOGADO 06\/09\/2023 \u2013 VALIDADE 06\/09\/2027<\/strong><\/td><\/tr><tr><td><strong>CARGOS<\/strong><\/td><td><strong>CONVOCADOS AT\u00c9<\/strong><\/td><\/tr><tr><td>AUXILIAR DE SA\u00daDE BUCAL<\/td><td>05\u00ba<\/td><\/tr><tr><td>FONOAUDI\u00d3LOGO<\/td><td>04\u00ba<\/td><\/tr><tr><td>M\u00c9DICO<\/td><td>26\u00ba<\/td><\/tr><tr><td>M\u00c9DICO ESPECIALISTA \u2013 CARDIOLOGIA ADULTO<\/td><td>06\u00ba<\/td><\/tr><tr><td>M\u00c9DICO ESPECIALISTA \u2013 CARDIOLOGIA INFANTIL<\/td><td>01\u00ba<\/td><\/tr><tr><td>M\u00c9DICO ESPECIALISTA \u2013 CIRURGI\u00c3O GERAL<\/td><td>01\u00ba<\/td><\/tr><tr><td>M\u00c9DICO ESPECIALISTA \u2013 ENDOCRINOLOGIA<\/td><td>01\u00ba<\/td><\/tr><tr><td>M\u00c9DICO ESPECIALISTA \u2013 GASTROENTEROLOGIA<\/td><td>02\u00ba<\/td><\/tr><tr><td>M\u00c9DICO ESPECIALISTA \u2013 NEUROLOGIA ADULTA<\/td><td>03\u00ba<\/td><\/tr><tr><td>M\u00c9DICO ESPECIALISTA \u2013 PNEUMOLOGIA ADULTO<\/td><td>01\u00ba<\/td><\/tr><tr><td>M\u00c9DICO ESPECIALISTA \u2013 PSIQUIATRA<\/td><td>08\u00ba<\/td><\/tr><tr><td>M\u00c9DICO PSF<\/td><td>06\u00ba<\/td><\/tr><tr><td>T\u00c9CNICO DE ENFERMAGEM ESF<\/td><td>09\u00ba<\/td><\/tr><tr><td>TELEFONISTA<\/td><td>00\u00ba<\/td><\/tr><tr><td>TERAPEUTA OCUPACIONAL<\/td><td>04\u00ba<\/td><\/tr><\/tbody><\/table><\/figure>\n\n\n\n<p><\/p>\n\n\n\n<figure class=\"wp-block-table is-style-stripes\"><table class=\"has-fixed-layout\"><tbody><tr><td colspan=\"2\"><strong>CP 005\/2023<\/strong><\/td><\/tr><tr><td colspan=\"2\"><strong>HOMOLOGADO 28\/06\/2024 \u2013 VALIDADE 28\/06\/2026<\/strong><\/td><\/tr><tr><td><strong>CARGOS<\/strong><\/td><td><strong>CONVOCADOS AT\u00c9<\/strong><\/td><\/tr><tr><td>PROFESSOR III \u2013 ARTE<\/td><td>23\u00ba<\/td><\/tr><tr><td>PROFESSOR III \u2013 EDUCA\u00c7\u00c3O ESPECIAL \u2013 DEFICI\u00caNCIA INTELECTUAL<\/td><td>10\u00ba + 01\u00ba PCD<\/td><\/tr><tr><td>PROFESSOR III \u2013 EDUCA\u00c7\u00c3O ESPECIAL \u2013 TEA\/DEFICI\u00caNCIA INTELECTUAL<\/td><td>13\u00ba<\/td><\/tr><tr><td>PROFESSOR III \u2013 EDUCA\u00c7\u00c3O ESPECIAL \u2013 DEFICI\u00caNCIA VISUAL<\/td><td>00\u00ba<\/td><\/tr><tr><td>PROFESSOR III \u2013 EDUCA\u00c7\u00c3O ESPECIAL \u2013 LIBRAS<\/td><td>03\u00ba<\/td><\/tr><tr><td>PROFESSOR III \u2013 L\u00cdNGUA INGLESA<\/td><td>21\u00ba<\/td><\/tr><tr><td>PROFESSOR III DE MUSICA \u2013 VIOL\u00c3O<\/td><td>01\u00ba<\/td><\/tr><tr><td>PROFESSOR III DE MUSICA \u2013 VIOLINO\/VIOLA<\/td><td>01\u00ba<\/td><\/tr><\/tbody><\/table><\/figure>\n\n\n\n<p><\/p>\n\n\n\n<figure class=\"wp-block-table is-style-stripes\"><table class=\"has-fixed-layout\"><tbody><tr><td colspan=\"2\"><strong>CP 006\/2023<\/strong><\/td><\/tr><tr><td colspan=\"2\"><strong>HOMOLOGADO 23\/05\/2024 \u2013 VALIDADE 23\/05\/2026<\/strong><\/td><\/tr><tr><td><strong>CARGOS<\/strong><\/td><td><strong>CONVOCADOS AT\u00c9<\/strong><\/td><\/tr><tr><td>AGENTE FISCAL DE SA\u00daDE PUBLICA \u2013 ENFERMAGEM<\/td><td>03\u00ba<\/td><\/tr><tr><td>AGENTE FISCAL DE SA\u00daDE PUBLICA \u2013 NUTRI\u00c7\u00c3O<\/td><td>01\u00ba<\/td><\/tr><tr><td>AGENTE FISCAL DE SA\u00daDE PUBLICA \u2013 SERVI\u00c7O SOCIAL<\/td><td>01\u00ba<\/td><\/tr><tr><td>CONTADOR<\/td><td>05\u00ba<\/td><\/tr><tr><td>ENGENHEIRO AMBIENTAL<\/td><td>00\u00ba<\/td><\/tr><tr><td>ENGENHEIRO ELETRICISTA<\/td><td>01\u00ba<\/td><\/tr><tr><td>M\u00c9DICO ESPECIALISTA \u2013 GERIATRIA<\/td><td>01\u00ba<\/td><\/tr><tr><td>M\u00c9DICO ESPECIALISTA \u2013 PSIQUIATRIA INFANTIL<\/td><td>01\u00ba<\/td><\/tr><tr><td>M\u00c9DICO ESPECIALISTA \u2013 ULTRASSONOGRAFIA \u2013 DIAGNOSTICO POR IMAGEM<\/td><td>00\u00ba<\/td><\/tr><\/tbody><\/table><\/figure>\n","protected":false},"excerpt":{"rendered":"<p>CONCURSO P\u00daBLICO \u2013 ESTATUT\u00c1RIOS CP 001\/2021 \u2013 PRORROGADO HOMOLOGADO 29\/04\/2022 \u2013 VALIDADE 29\/04\/2026 CARGOS CONVOCADOS AT\u00c9 PROFESSOR DE EDUCA\u00c7\u00c3O INFANTIL 525\u00ba + 06\u00ba PCD PROFESSOR I 632\u00ba+ 06\u00ba PCD PROFESSOR III \u2013 CI\u00caNCIAS 81\u00ba PROFESSOR III \u2013 EDUCA\u00c7\u00c3O ESPECIAL \u2013 DEFICI\u00caNCIA AUDITIVA 03\u00ba PROFESSOR III \u2013 EDUCA\u00c7\u00c3O F\u00cdSICA 186\u00ba+ 02\u00ba PCD PROFESSOR III \u2013 ENSINO [&hellip;]<\/p>\n","protected":false},"author":5,"featured_media":0,"parent":0,"menu_order":0,"comment_status":"closed","ping_status":"closed","template":"","meta":{"footnotes":""},"class_list":["post-9200","page","type-page","status-publish","hentry"],"_links":{"self":[{"href":"https:\/\/apps.taubate.sp.gov.br\/processoseletivo\/wp-json\/wp\/v2\/pages\/9200","targetHints":{"allow":["GET"]}}],"collection":[{"href":"https:\/\/apps.taubate.sp.gov.br\/processoseletivo\/wp-json\/wp\/v2\/pages"}],"about":[{"href":"https:\/\/apps.taubate.sp.gov.br\/processoseletivo\/wp-json\/wp\/v2\/types\/page"}],"author":[{"embeddable":true,"href":"https:\/\/apps.taubate.sp.gov.br\/processoseletivo\/wp-json\/wp\/v2\/users\/5"}],"replies":[{"embeddable":true,"href":"https:\/\/apps.taubate.sp.gov.br\/processoseletivo\/wp-json\/wp\/v2\/comments?post=9200"}],"version-history":[{"count":3,"href":"https:\/\/apps.taubate.sp.gov.br\/processoseletivo\/wp-json\/wp\/v2\/pages\/9200\/revisions"}],"predecessor-version":[{"id":9206,"href":"https:\/\/apps.taubate.sp.gov.br\/processoseletivo\/wp-json\/wp\/v2\/pages\/9200\/revisions\/9206"}],"wp:attachment":[{"href":"https:\/\/apps.taubate.sp.gov.br\/processoseletivo\/wp-json\/wp\/v2\/media?parent=9200"}],"curies":[{"name":"wp","href":"https:\/\/api.w.org\/{rel}","templated":true}]}}